{"id":512,"date":"2025-02-19T19:58:12","date_gmt":"2025-02-19T19:58:12","guid":{"rendered":"https:\/\/gastrokompass.ch\/?page_id=512"},"modified":"2025-05-03T12:13:48","modified_gmt":"2025-05-03T12:13:48","slug":"datenschutzerklaerung","status":"publish","type":"page","link":"https:\/\/gastrokompass.ch\/index.php\/datenschutzerklaerung\/","title":{"rendered":"Datenschutzerkl\u00e4rung"},"content":{"rendered":"\t\t<div data-elementor-type=\"wp-page\" data-elementor-id=\"512\" class=\"elementor elementor-512\" data-elementor-post-type=\"page\">\n\t\t\t\t<div class=\"elementor-element elementor-element-a1e9813 e-flex e-con-boxed e-con e-parent\" data-id=\"a1e9813\" data-element_type=\"container\">\n\t\t\t\t\t<div class=\"e-con-inner\">\n\t\t\t\t<div class=\"elementor-element elementor-element-21eb26a elementor-widget elementor-widget-heading\" data-id=\"21eb26a\" data-element_type=\"widget\" data-widget_type=\"heading.default\">\n\t\t\t\t<div class=\"elementor-widget-container\">\n\t\t\t\t\t<h2 class=\"elementor-heading-title elementor-size-default\">Datenschutzerkl\u00e4rung<\/h2>\t\t\t\t<\/div>\n\t\t\t\t<\/div>\n\t\t\t\t<div class=\"elementor-element elementor-element-69040be elementor-widget elementor-widget-heading\" data-id=\"69040be\" data-element_type=\"widget\" data-widget_type=\"heading.default\">\n\t\t\t\t<div class=\"elementor-widget-container\">\n\t\t\t\t\t<h2 class=\"elementor-heading-title elementor-size-default\">Ihre Privatsph\u00e4re ist uns wichtig!<\/h2>\t\t\t\t<\/div>\n\t\t\t\t<\/div>\n\t\t\t\t\t<\/div>\n\t\t\t\t<\/div>\n\t\t<div class=\"elementor-element elementor-element-b483db9 e-flex e-con-boxed e-con e-parent\" data-id=\"b483db9\" data-element_type=\"container\">\n\t\t\t\t\t<div class=\"e-con-inner\">\n\t\t\t\t<div class=\"elementor-element elementor-element-fd56f36 elementor-widget elementor-widget-text-editor\" data-id=\"fd56f36\" data-element_type=\"widget\" data-widget_type=\"text-editor.default\">\n\t\t\t\t<div class=\"elementor-widget-container\">\n\t\t\t\t\t\t\t\t\t<p>Wir bei <span style=\"color: #c2a671;\"><strong>gastrokompass<\/strong> <\/span>m\u00f6chten Ihnen erkl\u00e4ren, welche Daten wir von Ihnen erfassen, wie wir diese Daten verwenden und wie Sie der Datenerhebung widersprechen k\u00f6nnen. Der Schutz Ihrer Privatsph\u00e4re liegt uns sehr am Herzen. Wir respektieren Ihre Pers\u00f6nlichkeit und sorgen daf\u00fcr, dass Ihre Personendaten sicher und gesetzeskonform verarbeitet werden. Wenn Sie uns Daten anderer Personen (z. B. Mitarbeiter, Familienmitglieder, Kollegen) bereitstellen, stellen Sie bitte sicher, dass Sie dazu berechtigt sind und dass die Angaben korrekt sind.<\/p>\t\t\t\t\t\t\t\t<\/div>\n\t\t\t\t<\/div>\n\t\t\t\t<div class=\"elementor-element elementor-element-076ef7a elementor-widget elementor-widget-heading\" data-id=\"076ef7a\" data-element_type=\"widget\" data-widget_type=\"heading.default\">\n\t\t\t\t<div class=\"elementor-widget-container\">\n\t\t\t\t\t<h2 class=\"elementor-heading-title elementor-size-default\">Ihre Personendaten:<\/h2>\t\t\t\t<\/div>\n\t\t\t\t<\/div>\n\t\t<div class=\"elementor-element elementor-element-b1b6bae e-con-full e-flex e-con e-child\" data-id=\"b1b6bae\" data-element_type=\"container\">\n\t\t\t\t<div class=\"elementor-element elementor-element-ed323ee elementor-widget elementor-widget-text-editor\" data-id=\"ed323ee\" data-element_type=\"widget\" data-widget_type=\"text-editor.default\">\n\t\t\t\t<div class=\"elementor-widget-container\">\n\t\t\t\t\t\t\t\t\t<p>Ihr Vertrauen ist uns wichtig. Wir verarbeiten Personendaten, die wir von unseren Kunden, Mitarbeitern und anderen Dritten (im Folgenden \u201eSie\u201c\/\u201eIhnen\u201c) erhalten, gem\u00e4ss dem schweizerischen Datenschutzgesetz und unseren Unternehmenswerten.<\/p>\t\t\t\t\t\t\t\t<\/div>\n\t\t\t\t<\/div>\n\t\t\t\t<div class=\"elementor-element elementor-element-4c88776 elementor-widget elementor-widget-heading\" data-id=\"4c88776\" data-element_type=\"widget\" data-widget_type=\"heading.default\">\n\t\t\t\t<div class=\"elementor-widget-container\">\n\t\t\t\t\t<h2 class=\"elementor-heading-title elementor-size-default\">Wie wir Ihre Personendaten verarbeiten und speichern:<\/h2>\t\t\t\t<\/div>\n\t\t\t\t<\/div>\n\t\t\t\t<div class=\"elementor-element elementor-element-5d30e8c elementor-widget elementor-widget-text-editor\" data-id=\"5d30e8c\" data-element_type=\"widget\" data-widget_type=\"text-editor.default\">\n\t\t\t\t<div class=\"elementor-widget-container\">\n\t\t\t\t\t\t\t\t\t<p>Wir bearbeiten haupts\u00e4chlich die Personendaten, die wir im Rahmen unserer Gesch\u00e4ftsbeziehungen oder durch unsere Webseite <a href=\"https:\/\/www.gastrokompass.ch\">www.gastrokompass.ch<\/a> sowie andere Anwendungen von deren Nutzern erhalten.<\/p><p>Wir halten uns dabei an folgende Grunds\u00e4tze:<\/p><ul><li>Wir erheben und bearbeiten nur die Daten, die f\u00fcr die Erf\u00fcllung Ihrer Auftr\u00e4ge notwendig sind. Dazu z\u00e4hlen u.a. Ihre Stammdaten, Adress- und Kontaktdaten, die wir auch f\u00fcr Marketingaktionen und Eventeinladungen (z. B. Newsletter) verwenden k\u00f6nnen. Anonymisierte Daten nutzen wir, um unsere Dienstleistungen zu verbessern und interne Schulungen durchzuf\u00fchren.<\/li><li>Ihre Personendaten werden so lange gespeichert, wie es zur Erf\u00fcllung unserer vertraglichen und gesetzlichen Pflichten erforderlich ist (z. B. Aufbewahrungspflichten, laufende Schadenf\u00e4lle). Auch dar\u00fcber hinaus, solange rechtliche Anspr\u00fcche gegen unser Unternehmen erhoben werden k\u00f6nnen.<\/li><li>Wir \u00fcberpr\u00fcfen unsere Schutzmassnahmen regelm\u00e4ssig und verbessern sie bei Bedarf. Unsere Mitarbeitenden sind angehalten\u00a0 Auff\u00e4lligkeiten oder Vorf\u00e4lle unverz\u00fcglich zu melden, um unsere Pflichten zu erf\u00fcllen.<\/li><li>Besonders risikoreiche Datenbearbeitungen werden mit Risikoabsch\u00e4tzungen dokumentiert und \u00fcberwacht.<\/li><li>Nur befugte Mitarbeitende haben Zugriff auf Ihre Daten, um ihre Aufgaben zu erf\u00fcllen.<\/li><\/ul>\t\t\t\t\t\t\t\t<\/div>\n\t\t\t\t<\/div>\n\t\t\t\t<div class=\"elementor-element elementor-element-5163ab3 elementor-widget elementor-widget-heading\" data-id=\"5163ab3\" data-element_type=\"widget\" data-widget_type=\"heading.default\">\n\t\t\t\t<div class=\"elementor-widget-container\">\n\t\t\t\t\t<h2 class=\"elementor-heading-title elementor-size-default\">Empf\u00e4nger Ihrer Personendaten:<\/h2>\t\t\t\t<\/div>\n\t\t\t\t<\/div>\n\t\t\t\t<div class=\"elementor-element elementor-element-b82c634 elementor-widget elementor-widget-text-editor\" data-id=\"b82c634\" data-element_type=\"widget\" data-widget_type=\"text-editor.default\">\n\t\t\t\t<div class=\"elementor-widget-container\">\n\t\t\t\t\t\t\t\t\t<p>Wir arbeiten mit in der Schweiz lizenzierten Versicherungsgesellschaften und registrierten Sammelstiftungen sowie ausgew\u00e4hlten Brokernetzwerken zusammen.<\/p><p>Ihre Personendaten k\u00f6nnen an diese Partner weitergeleitet werden, wenn dies zur Erf\u00fcllung unseres digitalen Angebots notwendig ist. Externen Dritten geben wir Ihre Daten nur dann weiter, wenn es f\u00fcr vorvertragliche Abkl\u00e4rungen oder die Erf\u00fcllung des Mandatsvertrags erforderlich ist oder Sie zugestimmt haben.<\/p><p>Erhalten wir eine beh\u00f6rdliche Aufforderung zur Herausgabe Ihrer Daten, treffen wir alle zumutbaren und zul\u00e4ssigen Massnahmen zu Ihrem Schutz (z. B. Schw\u00e4rzung nicht relevanter Stellen, Verschl\u00fcsselung).<\/p><p>Bei Daten\u00fcbermittlungen ausserhalb des Europ\u00e4ischen Wirtschaftsraums \u00fcberpr\u00fcfen wir stets, ob das Empf\u00e4ngerland einen angemessenen Datenschutz bietet. Ist dies nicht der Fall, ergreifen wir geeignete vertragliche und technische Massnahmen.<\/p>\t\t\t\t\t\t\t\t<\/div>\n\t\t\t\t<\/div>\n\t\t\t\t<div class=\"elementor-element elementor-element-5f617b3 elementor-widget elementor-widget-heading\" data-id=\"5f617b3\" data-element_type=\"widget\" data-widget_type=\"heading.default\">\n\t\t\t\t<div class=\"elementor-widget-container\">\n\t\t\t\t\t<h2 class=\"elementor-heading-title elementor-size-default\">Ihre Rechte in Bezug auf Ihre Personendaten:<\/h2>\t\t\t\t<\/div>\n\t\t\t\t<\/div>\n\t\t\t\t<div class=\"elementor-element elementor-element-df7b341 elementor-widget elementor-widget-text-editor\" data-id=\"df7b341\" data-element_type=\"widget\" data-widget_type=\"text-editor.default\">\n\t\t\t\t<div class=\"elementor-widget-container\">\n\t\t\t\t\t\t\t\t\t<p>Sie haben das Recht, jederzeit Auskunft dar\u00fcber zu verlangen, welche Daten wir von Ihnen verarbeiten. Unter bestimmten Umst\u00e4nden k\u00f6nnen Sie die Herausgabe, \u00dcbertragung, Berichtigung oder L\u00f6schung Ihrer Daten verlangen oder der Verarbeitung widersprechen.<\/p><p>Bitte f\u00fcgen Sie Ihrem Antrag aus Sicherheitsgr\u00fcnden einen Identit\u00e4tsnachweis bei (z. B. eine Kopie des Personalausweises). Die Antwort erfolgt in der Regel innerhalb von 30 Tagen. Bei besonders umfangreichen Anfragen kann es l\u00e4nger dauern, wir informieren Sie entsprechend.<\/p>\t\t\t\t\t\t\t\t<\/div>\n\t\t\t\t<\/div>\n\t\t\t\t<div class=\"elementor-element elementor-element-db79d51 elementor-widget elementor-widget-heading\" data-id=\"db79d51\" data-element_type=\"widget\" data-widget_type=\"heading.default\">\n\t\t\t\t<div class=\"elementor-widget-container\">\n\t\t\t\t\t<h2 class=\"elementor-heading-title elementor-size-default\"><strong>Webanalyse, Google Analytics und Cookies:<\/strong><\/h2>\t\t\t\t<\/div>\n\t\t\t\t<\/div>\n\t\t\t\t<div class=\"elementor-element elementor-element-01fe469 elementor-widget elementor-widget-text-editor\" data-id=\"01fe469\" data-element_type=\"widget\" data-widget_type=\"text-editor.default\">\n\t\t\t\t<div class=\"elementor-widget-container\">\n\t\t\t\t\t\t\t\t\t<p>Bei der Nutzung unserer digitalen Angebote erfassen wir automatisch Metadaten zu Ihrem Besuch. Diese Informationen k\u00f6nnen mit unseren Kundendaten zusammengef\u00fchrt werden. Zur Optimierung unserer Webseite nutzen wir Google Analytics. Anbieter ist Google Inc., USA. Die \u00fcber Google Analytics gesammelten anonymisierten IP-Adressen werden nicht mit anderen Google-Daten zusammengef\u00fchrt. Nur in Ausnahmef\u00e4llen wird die volle IP-Adresse an Google-Server in den USA \u00fcbertragen und dort gek\u00fcrzt. Laut Google wird die IP-Adresse nicht mit anderen Daten verkn\u00fcpft. Weitere Informationen finden Sie auf der Webseite von Google Analytics.<\/p><p>Wir verwenden auch Cookies, um Ihnen eine benutzerfreundliche Erfahrung zu bieten. Sie k\u00f6nnen Ihren Browser so einstellen, dass er keine Cookies akzeptiert; unsere digitalen Angebote bleiben in der Regel weiter nutzbar, jedoch mit eingeschr\u00e4nkten Funktionen.<\/p>\t\t\t\t\t\t\t\t<\/div>\n\t\t\t\t<\/div>\n\t\t\t\t<div class=\"elementor-element elementor-element-5699f69 elementor-widget elementor-widget-heading\" data-id=\"5699f69\" data-element_type=\"widget\" data-widget_type=\"heading.default\">\n\t\t\t\t<div class=\"elementor-widget-container\">\n\t\t\t\t\t<h2 class=\"elementor-heading-title elementor-size-default\">Social-Media-Plattformen<\/h2>\t\t\t\t<\/div>\n\t\t\t\t<\/div>\n\t\t\t\t<div class=\"elementor-element elementor-element-efddda9 elementor-widget elementor-widget-text-editor\" data-id=\"efddda9\" data-element_type=\"widget\" data-widget_type=\"text-editor.default\">\n\t\t\t\t<div class=\"elementor-widget-container\">\n\t\t\t\t\t\t\t\t\t<p>Unser Internetauftritt nutzt Social-Media-Plattformen, erkennbar an den Logos der jeweiligen Netzwerke. Beim Besuch einer solchen Plattform wird eine Verbindung mit deren Servern hergestellt. Wenn Sie eingeloggt sind, wird das Netzwerk dar\u00fcber informiert und kann diese Informationen Ihrem Benutzerkonto zuordnen. Auch ohne Mitgliedschaft im Netzwerk kann Ihre IP-Adresse \u00fcbermittelt und gespeichert werden.<\/p>\t\t\t\t\t\t\t\t<\/div>\n\t\t\t\t<\/div>\n\t\t\t\t<div class=\"elementor-element elementor-element-f331527 elementor-widget elementor-widget-heading\" data-id=\"f331527\" data-element_type=\"widget\" data-widget_type=\"heading.default\">\n\t\t\t\t<div class=\"elementor-widget-container\">\n\t\t\t\t\t<h2 class=\"elementor-heading-title elementor-size-default\">Kontakt<\/h2>\t\t\t\t<\/div>\n\t\t\t\t<\/div>\n\t\t\t\t<div class=\"elementor-element elementor-element-076f2ea elementor-widget elementor-widget-text-editor\" data-id=\"076f2ea\" data-element_type=\"widget\" data-widget_type=\"text-editor.default\">\n\t\t\t\t<div class=\"elementor-widget-container\">\n\t\t\t\t\t\t\t\t\t<p>gastrokompass, als schweizerisches Unternehmen, unterliegt den Datenschutzbestimmungen der Schweiz. Wenn Sie Fragen haben oder nicht sicher sind, wer verantwortlich ist, k\u00f6nnen Sie uns jederzeit unter den unten angegebenen Kontaktdaten erreichen. Ihr Ansprechpartner f\u00fcr alle Datenschutzangelegenheiten ist gastrokompass, c\/o OVP Partner GmbH, R\u00fceggisingerstrasse 5, 6020 Emmenbr\u00fccke. Sie k\u00f6nnen uns auch per E-Mail unter team@gastrokompass.ch erreichen.<\/p>\t\t\t\t\t\t\t\t<\/div>\n\t\t\t\t<\/div>\n\t\t\t\t<div class=\"elementor-element elementor-element-b3ef408 elementor-widget elementor-widget-heading\" data-id=\"b3ef408\" data-element_type=\"widget\" data-widget_type=\"heading.default\">\n\t\t\t\t<div class=\"elementor-widget-container\">\n\t\t\t\t\t<h2 class=\"elementor-heading-title elementor-size-default\">\u00c4nderung der Datenschutzerkl\u00e4rung:<\/h2>\t\t\t\t<\/div>\n\t\t\t\t<\/div>\n\t\t\t\t<div class=\"elementor-element elementor-element-ec27eb4 elementor-widget elementor-widget-text-editor\" data-id=\"ec27eb4\" data-element_type=\"widget\" data-widget_type=\"text-editor.default\">\n\t\t\t\t<div class=\"elementor-widget-container\">\n\t\t\t\t\t\t\t\t\t<p>Diese Datenschutzerkl\u00e4rung kann jederzeit angepasst werden. Es gilt die jeweils aktuelle Version auf unserer Webseite. Bitte konsultieren Sie diese Erkl\u00e4rung regelm\u00e4ssig.<\/p><p>Letzte Anpassung: im Februar 2025<\/p>\t\t\t\t\t\t\t\t<\/div>\n\t\t\t\t<\/div>\n\t\t\t\t<\/div>\n\t\t\t\t\t<\/div>\n\t\t\t\t<\/div>\n\t\t\t\t<\/div>\n\t\t","protected":false},"excerpt":{"rendered":"<p>Datenschutzerkl\u00e4rung Ihre Privatsph\u00e4re ist uns wichtig! Wir bei gastrokompass m\u00f6chten Ihnen erkl\u00e4ren, welche Daten wir von Ihnen erfassen, wie wir diese Daten verwenden und wie Sie der Datenerhebung widersprechen k\u00f6nnen. Der Schutz Ihrer Privatsph\u00e4re liegt uns sehr am Herzen. Wir respektieren Ihre Pers\u00f6nlichkeit und sorgen daf\u00fcr, dass Ihre Personendaten sicher und gesetzeskonform verarbeitet werden. Wenn [&hellip;]<\/p>\n","protected":false},"author":1,"featured_media":0,"parent":0,"menu_order":0,"comment_status":"closed","ping_status":"closed","template":"","meta":{"footnotes":""},"class_list":["post-512","page","type-page","status-publish","hentry"],"yoast_head":"<!-- This site is optimized with the Yoast SEO plugin v25.0 - https:\/\/yoast.com\/wordpress\/plugins\/seo\/ -->\n<title>Datenschutzerkl\u00e4rung - Gastrokompass<\/title>\n<meta name=\"robots\" content=\"index, follow, max-snippet:-1, max-image-preview:large, max-video-preview:-1\" \/>\n<link rel=\"canonical\" href=\"https:\/\/gastrokompass.ch\/index.php\/datenschutzerklaerung\/\" \/>\n<meta property=\"og:locale\" content=\"de_DE\" \/>\n<meta property=\"og:type\" content=\"article\" \/>\n<meta property=\"og:title\" content=\"Datenschutzerkl\u00e4rung - Gastrokompass\" \/>\n<meta property=\"og:description\" content=\"Datenschutzerkl\u00e4rung Ihre Privatsph\u00e4re ist uns wichtig! Wir bei gastrokompass m\u00f6chten Ihnen erkl\u00e4ren, welche Daten wir von Ihnen erfassen, wie wir diese Daten verwenden und wie Sie der Datenerhebung widersprechen k\u00f6nnen. Der Schutz Ihrer Privatsph\u00e4re liegt uns sehr am Herzen. Wir respektieren Ihre Pers\u00f6nlichkeit und sorgen daf\u00fcr, dass Ihre Personendaten sicher und gesetzeskonform verarbeitet werden. Wenn [&hellip;]\" \/>\n<meta property=\"og:url\" content=\"https:\/\/gastrokompass.ch\/index.php\/datenschutzerklaerung\/\" \/>\n<meta property=\"og:site_name\" content=\"Gastrokompass\" \/>\n<meta property=\"article:publisher\" content=\"https:\/\/www.facebook.com\/profile.php?id=61573546676815\" \/>\n<meta property=\"article:modified_time\" content=\"2025-05-03T12:13:48+00:00\" \/>\n<meta name=\"twitter:card\" content=\"summary_large_image\" \/>\n<meta name=\"twitter:label1\" content=\"Gesch\u00e4tzte Lesezeit\" \/>\n\t<meta name=\"twitter:data1\" content=\"5\u00a0Minuten\" \/>\n<script type=\"application\/ld+json\" class=\"yoast-schema-graph\">{\"@context\":\"https:\/\/schema.org\",\"@graph\":[{\"@type\":\"WebPage\",\"@id\":\"https:\/\/gastrokompass.ch\/index.php\/datenschutzerklaerung\/\",\"url\":\"https:\/\/gastrokompass.ch\/index.php\/datenschutzerklaerung\/\",\"name\":\"Datenschutzerkl\u00e4rung - Gastrokompass\",\"isPartOf\":{\"@id\":\"https:\/\/gastrokompass.ch\/#website\"},\"datePublished\":\"2025-02-19T19:58:12+00:00\",\"dateModified\":\"2025-05-03T12:13:48+00:00\",\"breadcrumb\":{\"@id\":\"https:\/\/gastrokompass.ch\/index.php\/datenschutzerklaerung\/#breadcrumb\"},\"inLanguage\":\"de\",\"potentialAction\":[{\"@type\":\"ReadAction\",\"target\":[\"https:\/\/gastrokompass.ch\/index.php\/datenschutzerklaerung\/\"]}]},{\"@type\":\"BreadcrumbList\",\"@id\":\"https:\/\/gastrokompass.ch\/index.php\/datenschutzerklaerung\/#breadcrumb\",\"itemListElement\":[{\"@type\":\"ListItem\",\"position\":1,\"name\":\"Startseite\",\"item\":\"https:\/\/gastrokompass.ch\/\"},{\"@type\":\"ListItem\",\"position\":2,\"name\":\"Datenschutzerkl\u00e4rung\"}]},{\"@type\":\"WebSite\",\"@id\":\"https:\/\/gastrokompass.ch\/#website\",\"url\":\"https:\/\/gastrokompass.ch\/\",\"name\":\"gastrokompass\",\"description\":\"Dein Partner auf dem Weg zur erfolgreichen Gastronomie\",\"publisher\":{\"@id\":\"https:\/\/gastrokompass.ch\/#organization\"},\"potentialAction\":[{\"@type\":\"SearchAction\",\"target\":{\"@type\":\"EntryPoint\",\"urlTemplate\":\"https:\/\/gastrokompass.ch\/?s={search_term_string}\"},\"query-input\":{\"@type\":\"PropertyValueSpecification\",\"valueRequired\":true,\"valueName\":\"search_term_string\"}}],\"inLanguage\":\"de\"},{\"@type\":\"Organization\",\"@id\":\"https:\/\/gastrokompass.ch\/#organization\",\"name\":\"gastrokompass\",\"url\":\"https:\/\/gastrokompass.ch\/\",\"logo\":{\"@type\":\"ImageObject\",\"inLanguage\":\"de\",\"@id\":\"https:\/\/gastrokompass.ch\/#\/schema\/logo\/image\/\",\"url\":\"https:\/\/gastrokompass.ch\/wp-content\/uploads\/2025\/02\/Logo-white_homepage.webp\",\"contentUrl\":\"https:\/\/gastrokompass.ch\/wp-content\/uploads\/2025\/02\/Logo-white_homepage.webp\",\"width\":300,\"height\":100,\"caption\":\"gastrokompass\"},\"image\":{\"@id\":\"https:\/\/gastrokompass.ch\/#\/schema\/logo\/image\/\"},\"sameAs\":[\"https:\/\/www.facebook.com\/profile.php?id=61573546676815\"]}]}<\/script>\n<!-- \/ Yoast SEO plugin. -->","yoast_head_json":{"title":"Datenschutzerkl\u00e4rung - Gastrokompass","robots":{"index":"index","follow":"follow","max-snippet":"max-snippet:-1","max-image-preview":"max-image-preview:large","max-video-preview":"max-video-preview:-1"},"canonical":"https:\/\/gastrokompass.ch\/index.php\/datenschutzerklaerung\/","og_locale":"de_DE","og_type":"article","og_title":"Datenschutzerkl\u00e4rung - Gastrokompass","og_description":"Datenschutzerkl\u00e4rung Ihre Privatsph\u00e4re ist uns wichtig! Wir bei gastrokompass m\u00f6chten Ihnen erkl\u00e4ren, welche Daten wir von Ihnen erfassen, wie wir diese Daten verwenden und wie Sie der Datenerhebung widersprechen k\u00f6nnen. Der Schutz Ihrer Privatsph\u00e4re liegt uns sehr am Herzen. Wir respektieren Ihre Pers\u00f6nlichkeit und sorgen daf\u00fcr, dass Ihre Personendaten sicher und gesetzeskonform verarbeitet werden. Wenn [&hellip;]","og_url":"https:\/\/gastrokompass.ch\/index.php\/datenschutzerklaerung\/","og_site_name":"Gastrokompass","article_publisher":"https:\/\/www.facebook.com\/profile.php?id=61573546676815","article_modified_time":"2025-05-03T12:13:48+00:00","twitter_card":"summary_large_image","twitter_misc":{"Gesch\u00e4tzte Lesezeit":"5\u00a0Minuten"},"schema":{"@context":"https:\/\/schema.org","@graph":[{"@type":"WebPage","@id":"https:\/\/gastrokompass.ch\/index.php\/datenschutzerklaerung\/","url":"https:\/\/gastrokompass.ch\/index.php\/datenschutzerklaerung\/","name":"Datenschutzerkl\u00e4rung - Gastrokompass","isPartOf":{"@id":"https:\/\/gastrokompass.ch\/#website"},"datePublished":"2025-02-19T19:58:12+00:00","dateModified":"2025-05-03T12:13:48+00:00","breadcrumb":{"@id":"https:\/\/gastrokompass.ch\/index.php\/datenschutzerklaerung\/#breadcrumb"},"inLanguage":"de","potentialAction":[{"@type":"ReadAction","target":["https:\/\/gastrokompass.ch\/index.php\/datenschutzerklaerung\/"]}]},{"@type":"BreadcrumbList","@id":"https:\/\/gastrokompass.ch\/index.php\/datenschutzerklaerung\/#breadcrumb","itemListElement":[{"@type":"ListItem","position":1,"name":"Startseite","item":"https:\/\/gastrokompass.ch\/"},{"@type":"ListItem","position":2,"name":"Datenschutzerkl\u00e4rung"}]},{"@type":"WebSite","@id":"https:\/\/gastrokompass.ch\/#website","url":"https:\/\/gastrokompass.ch\/","name":"gastrokompass","description":"Dein Partner auf dem Weg zur erfolgreichen Gastronomie","publisher":{"@id":"https:\/\/gastrokompass.ch\/#organization"},"potentialAction":[{"@type":"SearchAction","target":{"@type":"EntryPoint","urlTemplate":"https:\/\/gastrokompass.ch\/?s={search_term_string}"},"query-input":{"@type":"PropertyValueSpecification","valueRequired":true,"valueName":"search_term_string"}}],"inLanguage":"de"},{"@type":"Organization","@id":"https:\/\/gastrokompass.ch\/#organization","name":"gastrokompass","url":"https:\/\/gastrokompass.ch\/","logo":{"@type":"ImageObject","inLanguage":"de","@id":"https:\/\/gastrokompass.ch\/#\/schema\/logo\/image\/","url":"https:\/\/gastrokompass.ch\/wp-content\/uploads\/2025\/02\/Logo-white_homepage.webp","contentUrl":"https:\/\/gastrokompass.ch\/wp-content\/uploads\/2025\/02\/Logo-white_homepage.webp","width":300,"height":100,"caption":"gastrokompass"},"image":{"@id":"https:\/\/gastrokompass.ch\/#\/schema\/logo\/image\/"},"sameAs":["https:\/\/www.facebook.com\/profile.php?id=61573546676815"]}]}},"_links":{"self":[{"href":"https:\/\/gastrokompass.ch\/index.php\/wp-json\/wp\/v2\/pages\/512","targetHints":{"allow":["GET"]}}],"collection":[{"href":"https:\/\/gastrokompass.ch\/index.php\/wp-json\/wp\/v2\/pages"}],"about":[{"href":"https:\/\/gastrokompass.ch\/index.php\/wp-json\/wp\/v2\/types\/page"}],"author":[{"embeddable":true,"href":"https:\/\/gastrokompass.ch\/index.php\/wp-json\/wp\/v2\/users\/1"}],"replies":[{"embeddable":true,"href":"https:\/\/gastrokompass.ch\/index.php\/wp-json\/wp\/v2\/comments?post=512"}],"version-history":[{"count":28,"href":"https:\/\/gastrokompass.ch\/index.php\/wp-json\/wp\/v2\/pages\/512\/revisions"}],"predecessor-version":[{"id":1300,"href":"https:\/\/gastrokompass.ch\/index.php\/wp-json\/wp\/v2\/pages\/512\/revisions\/1300"}],"wp:attachment":[{"href":"https:\/\/gastrokompass.ch\/index.php\/wp-json\/wp\/v2\/media?parent=512"}],"curies":[{"name":"wp","href":"https:\/\/api.w.org\/{rel}","templated":true}]}}